{"id":15,"date":"2025-07-17T15:37:33","date_gmt":"2025-07-17T15:37:33","guid":{"rendered":"https:\/\/eventos.puce.edu.ec\/congreso-humanidades\/?page_id=15"},"modified":"2025-07-29T21:22:15","modified_gmt":"2025-07-29T21:22:15","slug":"inicio","status":"publish","type":"page","link":"https:\/\/eventos.puce.edu.ec\/congreso-humanidades\/","title":{"rendered":"Inicio"},"content":{"rendered":"<p>[et_pb_section fb_built=\u00bb1&#8243; _builder_version=\u00bb4.27.4&#8243; _module_preset=\u00bbdefault\u00bb background_color=\u00bbrgba(0,0,0,0.3)\u00bb background_image=\u00bbhttps:\/\/eventos.puce.edu.ec\/congreso-humanidades\/wp-content\/uploads\/2025\/07\/cabecera-humanidades.jpg\u00bb background_blend=\u00bbmultiply\u00bb global_colors_info=\u00bb{}\u00bb][et_pb_row _builder_version=\u00bb4.27.4&#8243; _module_preset=\u00bbdefault\u00bb global_colors_info=\u00bb{}\u00bb][et_pb_column type=\u00bb4_4&#8243; _builder_version=\u00bb4.27.4&#8243; _module_preset=\u00bbdefault\u00bb global_colors_info=\u00bb{}\u00bb][et_pb_text _builder_version=\u00bb4.27.4&#8243; _module_preset=\u00bbdefault\u00bb header_text_color=\u00bb#FFFFFF\u00bb header_font_size=\u00bb45px\u00bb header_line_height=\u00bb1.2em\u00bb custom_padding=\u00bb|||20px|false|false\u00bb header_font_size_tablet=\u00bb35px\u00bb header_font_size_phone=\u00bb25px\u00bb header_font_size_last_edited=\u00bbon|desktop\u00bb border_width_left=\u00bb8px\u00bb border_color_left=\u00bb#00a0dd\u00bb global_colors_info=\u00bb{}\u00bb]<\/p>\n<h1>Congreso Internacional<br \/>\nPUCE Humanidades<br \/>\n2025<\/h1>\n<p>[\/et_pb_text][\/et_pb_column][\/et_pb_row][et_pb_row column_structure=\u00bb1_4,1_4,1_4,1_4&#8243; _builder_version=\u00bb4.27.4&#8243; _module_preset=\u00bbdefault\u00bb custom_margin=\u00bb150px||||false|false\u00bb custom_margin_tablet=\u00bb100px||||false|false\u00bb custom_margin_phone=\u00bb50px||||false|false\u00bb custom_margin_last_edited=\u00bbon|phone\u00bb global_colors_info=\u00bb{}\u00bb][et_pb_column type=\u00bb1_4&#8243; _builder_version=\u00bb4.27.4&#8243; _module_preset=\u00bbdefault\u00bb global_colors_info=\u00bb{}\u00bb][et_pb_button button_url=\u00bbhttps:\/\/eventos.puce.edu.ec\/congreso-humanidades\/wp-content\/uploads\/2025\/07\/congreso-puce-humanidades-2025_bases-congreso.pdf\u00bb url_new_window=\u00bbon\u00bb button_text=\u00bbBASES DEL CONGRESO\u00bb button_alignment=\u00bbcenter\u00bb _builder_version=\u00bb4.27.4&#8243; _module_preset=\u00bbdefault\u00bb custom_button=\u00bbon\u00bb button_border_color=\u00bb#FFFFFF\u00bb button_font=\u00bb|800|||||||\u00bb button_text_size_tablet=\u00bb\u00bb button_text_size_phone=\u00bb17px\u00bb button_text_size_last_edited=\u00bbon|phone\u00bb box_shadow_style=\u00bbpreset2&#8243; global_colors_info=\u00bb{}\u00bb][\/et_pb_button][\/et_pb_column][et_pb_column type=\u00bb1_4&#8243; _builder_version=\u00bb4.27.4&#8243; _module_preset=\u00bbdefault\u00bb global_colors_info=\u00bb{}\u00bb][et_pb_button button_url=\u00bbhttps:\/\/eventos.puce.edu.ec\/congreso-humanidades\/wp-content\/uploads\/2025\/07\/congreso-puce-humanidades-2025_bases-concurso-fotografia.pdf\u00bb url_new_window=\u00bbon\u00bb button_text=\u00bbCONCURSO DE FOTOGRAF\u00cdA\u00bb button_alignment=\u00bbcenter\u00bb _builder_version=\u00bb4.27.4&#8243; _module_preset=\u00bbdefault\u00bb custom_button=\u00bbon\u00bb button_border_color=\u00bb#FFFFFF\u00bb button_font=\u00bb|800|||||||\u00bb button_text_size_tablet=\u00bb\u00bb button_text_size_phone=\u00bb17px\u00bb button_text_size_last_edited=\u00bbon|phone\u00bb box_shadow_style=\u00bbpreset2&#8243; locked=\u00bboff\u00bb global_colors_info=\u00bb{}\u00bb][\/et_pb_button][\/et_pb_column][et_pb_column type=\u00bb1_4&#8243; _builder_version=\u00bb4.27.4&#8243; _module_preset=\u00bbdefault\u00bb global_colors_info=\u00bb{}\u00bb][et_pb_button button_url=\u00bbhttps:\/\/www.puce.edu.ec\/sitios\/forms\/registro\/congreso-puce-humanidades\/\u00bb url_new_window=\u00bbon\u00bb button_text=\u00bbREGISTRAR ASISTENCIA\u00bb button_alignment=\u00bbcenter\u00bb _builder_version=\u00bb4.27.4&#8243; _module_preset=\u00bbdefault\u00bb custom_button=\u00bbon\u00bb button_border_color=\u00bb#FFFFFF\u00bb button_font=\u00bb|800|||||||\u00bb button_text_size_tablet=\u00bb\u00bb button_text_size_phone=\u00bb17px\u00bb button_text_size_last_edited=\u00bbon|phone\u00bb box_shadow_style=\u00bbpreset2&#8243; locked=\u00bboff\u00bb global_colors_info=\u00bb{}\u00bb][\/et_pb_button][\/et_pb_column][et_pb_column type=\u00bb1_4&#8243; _builder_version=\u00bb4.27.4&#8243; _module_preset=\u00bbdefault\u00bb global_colors_info=\u00bb{}\u00bb][et_pb_button button_url=\u00bb#agenda\u00bb button_text=\u00bbAGENDA COMPLETA\u00bb button_alignment=\u00bbcenter\u00bb _builder_version=\u00bb4.27.4&#8243; _module_preset=\u00bbdefault\u00bb custom_button=\u00bbon\u00bb button_border_color=\u00bb#FFFFFF\u00bb button_font=\u00bb|800|||||||\u00bb button_text_size_tablet=\u00bb\u00bb button_text_size_phone=\u00bb17px\u00bb button_text_size_last_edited=\u00bbon|phone\u00bb box_shadow_style=\u00bbpreset2&#8243; locked=\u00bboff\u00bb global_colors_info=\u00bb{}\u00bb][\/et_pb_button][\/et_pb_column][\/et_pb_row][et_pb_row column_structure=\u00bb1_3,1_3,1_3&#8243; disabled_on=\u00bbon|on|on\u00bb _builder_version=\u00bb4.27.4&#8243; _module_preset=\u00bbdefault\u00bb custom_margin=\u00bb150px||||false|false\u00bb custom_margin_tablet=\u00bb100px||||false|false\u00bb custom_margin_phone=\u00bb50px||||false|false\u00bb custom_margin_last_edited=\u00bbon|phone\u00bb disabled=\u00bbon\u00bb global_colors_info=\u00bb{}\u00bb][et_pb_column type=\u00bb1_3&#8243; _builder_version=\u00bb4.27.4&#8243; _module_preset=\u00bbdefault\u00bb global_colors_info=\u00bb{}\u00bb][et_pb_button button_text=\u00bbBASES DEL CONGRESO\u00bb button_alignment=\u00bbcenter\u00bb _builder_version=\u00bb4.27.4&#8243; _module_preset=\u00bbdefault\u00bb custom_button=\u00bbon\u00bb button_border_color=\u00bb#FFFFFF\u00bb button_font=\u00bb|800|||||||\u00bb button_text_size_tablet=\u00bb\u00bb button_text_size_phone=\u00bb17px\u00bb button_text_size_last_edited=\u00bbon|phone\u00bb box_shadow_style=\u00bbpreset2&#8243; global_colors_info=\u00bb{}\u00bb][\/et_pb_button][\/et_pb_column][et_pb_column type=\u00bb1_3&#8243; _builder_version=\u00bb4.27.4&#8243; _module_preset=\u00bbdefault\u00bb global_colors_info=\u00bb{}\u00bb][et_pb_button button_text=\u00bbREGISTRAR ASISTENCIA\u00bb button_alignment=\u00bbcenter\u00bb _builder_version=\u00bb4.27.4&#8243; _module_preset=\u00bbdefault\u00bb custom_button=\u00bbon\u00bb button_border_color=\u00bb#FFFFFF\u00bb button_font=\u00bb|800|||||||\u00bb button_text_size_tablet=\u00bb\u00bb button_text_size_phone=\u00bb17px\u00bb button_text_size_last_edited=\u00bbon|phone\u00bb box_shadow_style=\u00bbpreset2&#8243; locked=\u00bboff\u00bb global_colors_info=\u00bb{}\u00bb][\/et_pb_button][\/et_pb_column][et_pb_column type=\u00bb1_3&#8243; _builder_version=\u00bb4.27.4&#8243; _module_preset=\u00bbdefault\u00bb global_colors_info=\u00bb{}\u00bb][et_pb_button button_text=\u00bbCONCURSO DE FOTOGRAF\u00cdA\u00bb button_alignment=\u00bbcenter\u00bb _builder_version=\u00bb4.27.4&#8243; _module_preset=\u00bbdefault\u00bb custom_button=\u00bbon\u00bb button_border_color=\u00bb#FFFFFF\u00bb button_font=\u00bb|800|||||||\u00bb button_text_size_tablet=\u00bb\u00bb button_text_size_phone=\u00bb17px\u00bb button_text_size_last_edited=\u00bbon|phone\u00bb box_shadow_style=\u00bbpreset2&#8243; locked=\u00bboff\u00bb global_colors_info=\u00bb{}\u00bb][\/et_pb_button][\/et_pb_column][\/et_pb_row][\/et_pb_section][et_pb_section fb_built=\u00bb1&#8243; admin_label=\u00bbintro\u00bb module_id=\u00bbintro\u00bb _builder_version=\u00bb4.27.4&#8243; _module_preset=\u00bbdefault\u00bb background_color=\u00bb#e5e6e5&#8243; global_colors_info=\u00bb{}\u00bb][et_pb_row _builder_version=\u00bb4.27.4&#8243; _module_preset=\u00bbdefault\u00bb global_colors_info=\u00bb{}\u00bb][et_pb_column type=\u00bb4_4&#8243; _builder_version=\u00bb4.27.4&#8243; _module_preset=\u00bbdefault\u00bb global_colors_info=\u00bb{}\u00bb][et_pb_text _builder_version=\u00bb4.27.4&#8243; _module_preset=\u00bbdefault\u00bb header_text_align=\u00bbcenter\u00bb header_font_size=\u00bb32px\u00bb header_font_size_tablet=\u00bb32px\u00bb header_font_size_phone=\u00bb28px\u00bb header_font_size_last_edited=\u00bbon|phone\u00bb global_colors_info=\u00bb{}\u00bb]<\/p>\n<h1>Introducci\u00f3n<\/h1>\n<p>[\/et_pb_text][et_pb_divider divider_weight=\u00bb4px\u00bb _builder_version=\u00bb4.27.4&#8243; _module_preset=\u00bbdefault\u00bb width=\u00bb5%\u00bb width_tablet=\u00bb8%\u00bb width_phone=\u00bb13%\u00bb width_last_edited=\u00bbon|phone\u00bb module_alignment=\u00bbcenter\u00bb custom_margin=\u00bb-28px||||false|false\u00bb global_colors_info=\u00bb{}\u00bb][\/et_pb_divider][et_pb_text _builder_version=\u00bb4.27.4&#8243; _module_preset=\u00bbdefault\u00bb text_font_size=\u00bb16px\u00bb text_line_height=\u00bb1.6em\u00bb text_orientation=\u00bbjustified\u00bb text_font_size_tablet=\u00bb16px\u00bb text_font_size_phone=\u00bb14px\u00bb text_font_size_last_edited=\u00bbon|phone\u00bb global_colors_info=\u00bb{}\u00bb]<\/p>\n<p>La Pontificia Universidad Cat\u00f3lica del Ecuador (PUCE), con su firme compromiso con la investigaci\u00f3n, el an\u00e1lisis cr\u00edtico y la transformaci\u00f3n social, organiza el <b style=\"color: #164284;\">Congreso PUCE &#8211; Humanidades: \u00abSociedades justas para la paz\u00bb<\/b>, un espacio acad\u00e9mico dise\u00f1ado para reflexionar sobre los desaf\u00edos actuales en materia de justicia social, equidad y derechos humanos.<\/p>\n<p>En un mundo marcado por la crisis clim\u00e1tica, los conflictos armados, la desigualdad y la exclusi\u00f3n, la PUCE propone un foro de di\u00e1logo multidisciplinario que permita a acad\u00e9micos, investigadores y profesionales debatir sobre el papel de las Ciencias Sociales y Humanidades en la construcci\u00f3n de sociedades m\u00e1s justas y la promoci\u00f3n de una cultura de paz.<\/p>\n<p>Este congreso se llevar\u00e1 a cabo en la sede de la PUCE en Quito <strong>del 14 al 16 de agosto de 2025<\/strong>, con la participaci\u00f3n de destacados expertos nacionales e internacionales. A trav\u00e9s de ponencias, mesas de debate y espacios de intercambio acad\u00e9mico, se busca fortalecer el impacto de la universidad en la comprensi\u00f3n y soluci\u00f3n de los problemas sociales m\u00e1s urgentes.<\/p>\n<p>[\/et_pb_text][\/et_pb_column][\/et_pb_row][\/et_pb_section][et_pb_section fb_built=\u00bb1&#8243; admin_label=\u00bbinfo\u00bb module_id=\u00bbinfo\u00bb _builder_version=\u00bb4.27.4&#8243; _module_preset=\u00bbdefault\u00bb background_color=\u00bb#FFFFFF\u00bb global_colors_info=\u00bb{}\u00bb][et_pb_row _builder_version=\u00bb4.27.4&#8243; _module_preset=\u00bbdefault\u00bb global_colors_info=\u00bb{}\u00bb][et_pb_column type=\u00bb4_4&#8243; _builder_version=\u00bb4.27.4&#8243; _module_preset=\u00bbdefault\u00bb global_colors_info=\u00bb{}\u00bb][et_pb_text _builder_version=\u00bb4.27.4&#8243; _module_preset=\u00bbdefault\u00bb header_text_align=\u00bbcenter\u00bb header_font_size=\u00bb32px\u00bb header_font_size_tablet=\u00bb32px\u00bb header_font_size_phone=\u00bb28px\u00bb header_font_size_last_edited=\u00bbon|phone\u00bb global_colors_info=\u00bb{}\u00bb]<\/p>\n<h1>Informaci\u00f3n del evento<\/h1>\n<p>[\/et_pb_text][et_pb_divider divider_weight=\u00bb4px\u00bb _builder_version=\u00bb4.27.4&#8243; _module_preset=\u00bbdefault\u00bb width=\u00bb5%\u00bb width_tablet=\u00bb8%\u00bb width_phone=\u00bb13%\u00bb width_last_edited=\u00bbon|phone\u00bb module_alignment=\u00bbcenter\u00bb custom_margin=\u00bb-28px||||false|false\u00bb global_colors_info=\u00bb{}\u00bb][\/et_pb_divider][et_pb_text _builder_version=\u00bb4.27.4&#8243; _module_preset=\u00bbdefault\u00bb text_font_size=\u00bb16px\u00bb text_line_height=\u00bb1.6em\u00bb text_orientation=\u00bbcenter\u00bb text_font_size_tablet=\u00bb16px\u00bb text_font_size_phone=\u00bb14px\u00bb text_font_size_last_edited=\u00bbon|phone\u00bb global_colors_info=\u00bb{}\u00bb]<b>Objetivo:<\/b> Fomentar un an\u00e1lisis cr\u00edtico sobre justicia social, equidad<br \/>\ny paz desde las Ciencias Sociales y Humanidades.[\/et_pb_text][\/et_pb_column][\/et_pb_row][et_pb_row column_structure=\u00bb1_3,1_3,1_3&#8243; _builder_version=\u00bb4.27.4&#8243; _module_preset=\u00bbdefault\u00bb global_colors_info=\u00bb{}\u00bb][et_pb_column type=\u00bb1_3&#8243; _builder_version=\u00bb4.27.4&#8243; _module_preset=\u00bbdefault\u00bb global_colors_info=\u00bb{}\u00bb][et_pb_blurb title=\u00bbFecha\u00bb use_icon=\u00bbon\u00bb font_icon=\u00bb&#xf073;||fa||400&#8243; icon_color=\u00bb#164284&#8243; image_icon_width=\u00bb75px\u00bb image_icon_width_tablet=\u00bb75px\u00bb image_icon_width_phone=\u00bb65px\u00bb image_icon_width_last_edited=\u00bbon|phone\u00bb _builder_version=\u00bb4.27.4&#8243; _module_preset=\u00bbdefault\u00bb header_level=\u00bbh1&#8243; header_font=\u00bb&#8211;et_global_body_font|800|||||||\u00bb header_text_align=\u00bbcenter\u00bb header_text_color=\u00bb#00a0dd\u00bb header_font_size=\u00bb20px\u00bb body_text_align=\u00bbcenter\u00bb text_orientation=\u00bbcenter\u00bb global_colors_info=\u00bb{}\u00bb]<\/p>\n<h1>14 al 16<\/h1>\n<h4>de agosto<\/h4>\n<p>[\/et_pb_blurb][\/et_pb_column][et_pb_column type=\u00bb1_3&#8243; _builder_version=\u00bb4.27.4&#8243; _module_preset=\u00bbdefault\u00bb global_colors_info=\u00bb{}\u00bb][et_pb_blurb title=\u00bbLugar\u00bb use_icon=\u00bbon\u00bb font_icon=\u00bb&#xf3c5;||fa||900&#8243; icon_color=\u00bb#164284&#8243; image_icon_width=\u00bb75px\u00bb image_icon_width_tablet=\u00bb75px\u00bb image_icon_width_phone=\u00bb65px\u00bb image_icon_width_last_edited=\u00bbon|phone\u00bb _builder_version=\u00bb4.27.4&#8243; _module_preset=\u00bbdefault\u00bb header_level=\u00bbh1&#8243; header_font=\u00bb&#8211;et_global_body_font|800|||||||\u00bb header_text_align=\u00bbcenter\u00bb header_text_color=\u00bb#00a0dd\u00bb header_font_size=\u00bb20px\u00bb body_text_align=\u00bbcenter\u00bb text_orientation=\u00bbcenter\u00bb locked=\u00bboff\u00bb global_colors_info=\u00bb{}\u00bb]<\/p>\n<h4>Pontificia Universidad<br \/>\nCat\u00f3lica del Ecuador<\/h4>\n<p>[\/et_pb_blurb][\/et_pb_column][et_pb_column type=\u00bb1_3&#8243; _builder_version=\u00bb4.27.4&#8243; _module_preset=\u00bbdefault\u00bb global_colors_info=\u00bb{}\u00bb][et_pb_blurb title=\u00bbModalidad\u00bb use_icon=\u00bbon\u00bb font_icon=\u00bb&#xf51c;||fa||900&#8243; icon_color=\u00bb#164284&#8243; image_icon_width=\u00bb75px\u00bb image_icon_width_tablet=\u00bb75px\u00bb image_icon_width_phone=\u00bb65px\u00bb image_icon_width_last_edited=\u00bbon|phone\u00bb _builder_version=\u00bb4.27.4&#8243; _module_preset=\u00bbdefault\u00bb header_level=\u00bbh1&#8243; header_font=\u00bb&#8211;et_global_body_font|800|||||||\u00bb header_text_align=\u00bbcenter\u00bb header_text_color=\u00bb#00a0dd\u00bb header_font_size=\u00bb20px\u00bb body_text_align=\u00bbcenter\u00bb text_orientation=\u00bbcenter\u00bb locked=\u00bboff\u00bb global_colors_info=\u00bb{}\u00bb]<\/p>\n<h1>Presencial<\/h1>\n<p>[\/et_pb_blurb][\/et_pb_column][\/et_pb_row][\/et_pb_section][et_pb_section fb_built=\u00bb1&#8243; admin_label=\u00bbejes\u00bb module_id=\u00bbejes\u00bb _builder_version=\u00bb4.27.4&#8243; _module_preset=\u00bbdefault\u00bb background_color=\u00bb#1f3f75&#8243; background_enable_pattern_style=\u00bbon\u00bb background_pattern_style=\u00bbscallops\u00bb background_pattern_color=\u00bbrgba(0,0,0,0.1)\u00bb background_pattern_size=\u00bbcover\u00bb global_colors_info=\u00bb{}\u00bb][et_pb_row _builder_version=\u00bb4.27.4&#8243; _module_preset=\u00bbdefault\u00bb global_colors_info=\u00bb{}\u00bb][et_pb_column type=\u00bb4_4&#8243; _builder_version=\u00bb4.27.4&#8243; _module_preset=\u00bbdefault\u00bb global_colors_info=\u00bb{}\u00bb][et_pb_text _builder_version=\u00bb4.27.4&#8243; _module_preset=\u00bbdefault\u00bb header_text_align=\u00bbcenter\u00bb header_text_color=\u00bb#FFFFFF\u00bb header_font_size=\u00bb32px\u00bb header_font_size_tablet=\u00bb32px\u00bb header_font_size_phone=\u00bb28px\u00bb header_font_size_last_edited=\u00bbon|phone\u00bb global_colors_info=\u00bb{}\u00bb]<\/p>\n<h1>Ejes tem\u00e1ticos<\/h1>\n<p>[\/et_pb_text][et_pb_divider divider_weight=\u00bb4px\u00bb _builder_version=\u00bb4.27.4&#8243; _module_preset=\u00bbdefault\u00bb width=\u00bb5%\u00bb width_tablet=\u00bb8%\u00bb width_phone=\u00bb13%\u00bb width_last_edited=\u00bbon|phone\u00bb module_alignment=\u00bbcenter\u00bb custom_margin=\u00bb-28px||||false|false\u00bb global_colors_info=\u00bb{}\u00bb][\/et_pb_divider][et_pb_text _builder_version=\u00bb4.27.4&#8243; _module_preset=\u00bbdefault\u00bb text_text_color=\u00bb#FFFFFF\u00bb text_font_size=\u00bb16px\u00bb text_line_height=\u00bb1.6em\u00bb width=\u00bb30%\u00bb width_tablet=\u00bb50%\u00bb width_phone=\u00bb80%\u00bb width_last_edited=\u00bbon|phone\u00bb module_alignment=\u00bbcenter\u00bb text_font_size_tablet=\u00bb16px\u00bb text_font_size_phone=\u00bb14px\u00bb text_font_size_last_edited=\u00bbon|phone\u00bb global_colors_info=\u00bb{}\u00bb]<\/p>\n<ul>\n<li>La construcci\u00f3n de sociedades justas.<\/li>\n<li>El ejercicio pleno de los derechos.<\/li>\n<li>La promoci\u00f3n de la cultura de paz.<\/li>\n<\/ul>\n<p>[\/et_pb_text][\/et_pb_column][\/et_pb_row][\/et_pb_section][et_pb_section fb_built=\u00bb1&#8243; admin_label=\u00bbpublicaciones\u00bb module_id=\u00bbpublicaciones\u00bb _builder_version=\u00bb4.27.4&#8243; _module_preset=\u00bbdefault\u00bb global_colors_info=\u00bb{}\u00bb][et_pb_row _builder_version=\u00bb4.27.4&#8243; _module_preset=\u00bbdefault\u00bb global_colors_info=\u00bb{}\u00bb][et_pb_column type=\u00bb4_4&#8243; _builder_version=\u00bb4.27.4&#8243; _module_preset=\u00bbdefault\u00bb global_colors_info=\u00bb{}\u00bb][et_pb_text _builder_version=\u00bb4.27.4&#8243; _module_preset=\u00bbdefault\u00bb custom_padding=\u00bb30px|50px|30px|50px|true|true\u00bb border_width_all=\u00bb1px\u00bb global_colors_info=\u00bb{}\u00bb]<\/p>\n<h4>Publicaciones y certificaciones:<\/h4>\n<p>Las ponencias aprobadas ser\u00e1n publicadas en la memoria del Congreso y consideradas en la pol\u00edtica de incentivos acad\u00e9micos de la PUCE. Adem\u00e1s, los autores recibir\u00e1n certificaci\u00f3n de participaci\u00f3n.<\/p>\n<h4>Modalidades de participaci\u00f3n:<\/h4>\n<p>Los ponentes seleccionados podr\u00e1n participar en conferencias magistrales, mesas de debate, talleres tem\u00e1ticos y espacios de colaboraci\u00f3n.<\/p>\n<h4>Reflexi\u00f3n clave:<\/h4>\n<p>Este congreso plantea preguntas fundamentales sobre el papel de la academia en la transformaci\u00f3n social, incluyendo:<\/p>\n<ul>\n<li>\u00bfLas Ciencias Sociales y Humanidades est\u00e1n respondiendo a las problem\u00e1ticas actuales?<\/li>\n<li>\u00bfC\u00f3mo la PUCE puede contribuir a la construcci\u00f3n de sociedades justas y al ejercicio pleno de los derechos?<\/li>\n<li>\u00bfQu\u00e9 innovaciones acad\u00e9micas pueden fortalecer la formaci\u00f3n de profesionales comprometidos con la justicia y la paz?<\/li>\n<\/ul>\n<p>[\/et_pb_text][\/et_pb_column][\/et_pb_row][\/et_pb_section][et_pb_section fb_built=\u00bb1&#8243; admin_label=\u00bbagenda\u00bb module_id=\u00bbagenda\u00bb _builder_version=\u00bb4.27.4&#8243; _module_preset=\u00bbdefault\u00bb background_color=\u00bb#1f3f75&#8243; background_enable_image=\u00bboff\u00bb background_blend=\u00bbmultiply\u00bb background_enable_pattern_style=\u00bbon\u00bb background_pattern_style=\u00bbscallops\u00bb background_pattern_color=\u00bbrgba(0,0,0,0.1)\u00bb background_pattern_size=\u00bbcover\u00bb locked=\u00bboff\u00bb global_colors_info=\u00bb{}\u00bb][et_pb_row _builder_version=\u00bb4.27.4&#8243; _module_preset=\u00bbdefault\u00bb global_colors_info=\u00bb{}\u00bb][et_pb_column type=\u00bb4_4&#8243; _builder_version=\u00bb4.27.4&#8243; _module_preset=\u00bbdefault\u00bb global_colors_info=\u00bb{}\u00bb][et_pb_text _builder_version=\u00bb4.27.4&#8243; _module_preset=\u00bbdefault\u00bb header_text_align=\u00bbcenter\u00bb header_text_color=\u00bb#FFFFFF\u00bb header_font_size=\u00bb32px\u00bb header_font_size_tablet=\u00bb32px\u00bb header_font_size_phone=\u00bb28px\u00bb header_font_size_last_edited=\u00bbon|phone\u00bb locked=\u00bboff\u00bb global_colors_info=\u00bb{}\u00bb]<\/p>\n<h1>Agenda completa<\/h1>\n<p>[\/et_pb_text][et_pb_divider divider_weight=\u00bb4px\u00bb _builder_version=\u00bb4.27.4&#8243; _module_preset=\u00bbdefault\u00bb width=\u00bb5%\u00bb width_tablet=\u00bb8%\u00bb width_phone=\u00bb13%\u00bb width_last_edited=\u00bbon|phone\u00bb module_alignment=\u00bbcenter\u00bb custom_margin=\u00bb-28px||||false|false\u00bb locked=\u00bboff\u00bb global_colors_info=\u00bb{}\u00bb][\/et_pb_divider][\/et_pb_column][\/et_pb_row][et_pb_row column_structure=\u00bb1_3,1_3,1_3&#8243; _builder_version=\u00bb4.27.4&#8243; _module_preset=\u00bbdefault\u00bb global_colors_info=\u00bb{}\u00bb][et_pb_column type=\u00bb1_3&#8243; _builder_version=\u00bb4.27.4&#8243; _module_preset=\u00bbdefault\u00bb global_colors_info=\u00bb{}\u00bb][et_pb_button button_url=\u00bbhttps:\/\/eventos.puce.edu.ec\/congreso-humanidades\/wp-content\/uploads\/2025\/07\/congreso-puce-humanidades-2025_agenda-dia-1.pdf\u00bb url_new_window=\u00bbon\u00bb button_text=\u00bbD\u00cdA 1&#8243; button_alignment=\u00bbcenter\u00bb _builder_version=\u00bb4.27.4&#8243; _module_preset=\u00bbdefault\u00bb custom_button=\u00bbon\u00bb button_border_color=\u00bb#FFFFFF\u00bb button_font=\u00bb|800|||||||\u00bb custom_padding=\u00bb|50px||50px|false|true\u00bb button_text_size_tablet=\u00bb\u00bb button_text_size_phone=\u00bb17px\u00bb button_text_size_last_edited=\u00bbon|phone\u00bb box_shadow_style=\u00bbpreset2&#8243; global_colors_info=\u00bb{}\u00bb][\/et_pb_button][et_pb_text _builder_version=\u00bb4.27.4&#8243; _module_preset=\u00bbdefault\u00bb header_3_font=\u00bbRoboto||||||||\u00bb header_3_text_align=\u00bbcenter\u00bb header_3_text_color=\u00bb#00a0dd\u00bb global_colors_info=\u00bb{}\u00bb]<\/p>\n<h3>14 de Agosto<\/h3>\n<p>[\/et_pb_text][\/et_pb_column][et_pb_column type=\u00bb1_3&#8243; _builder_version=\u00bb4.27.4&#8243; _module_preset=\u00bbdefault\u00bb global_colors_info=\u00bb{}\u00bb][et_pb_button button_url=\u00bbhttps:\/\/eventos.puce.edu.ec\/congreso-humanidades\/wp-content\/uploads\/2025\/07\/congreso-puce-humanidades-2025_agenda-dia-2.pdf\u00bb url_new_window=\u00bbon\u00bb button_text=\u00bbD\u00cdA 2&#8243; button_alignment=\u00bbcenter\u00bb _builder_version=\u00bb4.27.4&#8243; _module_preset=\u00bbdefault\u00bb custom_button=\u00bbon\u00bb button_border_color=\u00bb#FFFFFF\u00bb button_font=\u00bb|800|||||||\u00bb custom_padding=\u00bb|50px||50px|false|true\u00bb button_text_size_tablet=\u00bb\u00bb button_text_size_phone=\u00bb17px\u00bb button_text_size_last_edited=\u00bbon|phone\u00bb box_shadow_style=\u00bbpreset2&#8243; locked=\u00bboff\u00bb global_colors_info=\u00bb{}\u00bb][\/et_pb_button][et_pb_text _builder_version=\u00bb4.27.4&#8243; _module_preset=\u00bbdefault\u00bb header_3_font=\u00bbRoboto||||||||\u00bb header_3_text_align=\u00bbcenter\u00bb header_3_text_color=\u00bb#00a0dd\u00bb global_colors_info=\u00bb{}\u00bb]<\/p>\n<h3>15 de Agosto<\/h3>\n<p>[\/et_pb_text][\/et_pb_column][et_pb_column type=\u00bb1_3&#8243; _builder_version=\u00bb4.27.4&#8243; _module_preset=\u00bbdefault\u00bb global_colors_info=\u00bb{}\u00bb][et_pb_button button_url=\u00bbhttps:\/\/eventos.puce.edu.ec\/congreso-humanidades\/wp-content\/uploads\/2025\/07\/congreso-puce-humanidades-2025_agenda-dia-3.pdf\u00bb url_new_window=\u00bbon\u00bb button_text=\u00bbD\u00cdA 3&#8243; button_alignment=\u00bbcenter\u00bb _builder_version=\u00bb4.27.4&#8243; _module_preset=\u00bbdefault\u00bb custom_button=\u00bbon\u00bb button_border_color=\u00bb#FFFFFF\u00bb button_font=\u00bb|800|||||||\u00bb custom_padding=\u00bb|50px||50px|false|true\u00bb button_text_size_tablet=\u00bb\u00bb button_text_size_phone=\u00bb17px\u00bb button_text_size_last_edited=\u00bbon|phone\u00bb box_shadow_style=\u00bbpreset2&#8243; locked=\u00bboff\u00bb global_colors_info=\u00bb{}\u00bb][\/et_pb_button][et_pb_text _builder_version=\u00bb4.27.4&#8243; _module_preset=\u00bbdefault\u00bb header_3_font=\u00bbRoboto||||||||\u00bb header_3_text_align=\u00bbcenter\u00bb header_3_text_color=\u00bb#00a0dd\u00bb global_colors_info=\u00bb{}\u00bb]<\/p>\n<h3>16 de Agosto<\/h3>\n<p>[\/et_pb_text][\/et_pb_column][\/et_pb_row][\/et_pb_section][et_pb_section fb_built=\u00bb1&#8243; _builder_version=\u00bb4.27.4&#8243; _module_preset=\u00bbdefault\u00bb global_colors_info=\u00bb{}\u00bb][et_pb_row _builder_version=\u00bb4.27.4&#8243; _module_preset=\u00bbdefault\u00bb locked=\u00bboff\u00bb global_colors_info=\u00bb{}\u00bb][et_pb_column type=\u00bb4_4&#8243; _builder_version=\u00bb4.27.4&#8243; _module_preset=\u00bbdefault\u00bb global_colors_info=\u00bb{}\u00bb][et_pb_text _builder_version=\u00bb4.27.4&#8243; _module_preset=\u00bbdefault\u00bb header_text_align=\u00bbcenter\u00bb header_font_size=\u00bb32px\u00bb header_font_size_tablet=\u00bb32px\u00bb header_font_size_phone=\u00bb28px\u00bb header_font_size_last_edited=\u00bbon|phone\u00bb global_colors_info=\u00bb{}\u00bb]<\/p>\n<h1>M\u00e1s informaci\u00f3n<\/h1>\n<p>[\/et_pb_text][et_pb_divider divider_weight=\u00bb4px\u00bb _builder_version=\u00bb4.27.4&#8243; _module_preset=\u00bbdefault\u00bb width=\u00bb5%\u00bb width_tablet=\u00bb8%\u00bb width_phone=\u00bb13%\u00bb width_last_edited=\u00bbon|phone\u00bb module_alignment=\u00bbcenter\u00bb custom_margin=\u00bb-28px||||false|false\u00bb global_colors_info=\u00bb{}\u00bb][\/et_pb_divider][et_pb_text _builder_version=\u00bb4.27.4&#8243; _module_preset=\u00bbdefault\u00bb text_font_size=\u00bb16px\u00bb text_line_height=\u00bb1.6em\u00bb text_orientation=\u00bbcenter\u00bb text_font_size_tablet=\u00bb16px\u00bb text_font_size_phone=\u00bb14px\u00bb text_font_size_last_edited=\u00bbon|phone\u00bb global_colors_info=\u00bb{}\u00bb]Da clic en el bot\u00f3n para registrar tu participaci\u00f3n para este<br \/>\nevento acad\u00e9mico.[\/et_pb_text][et_pb_button button_url=\u00bbhttps:\/\/www.puce.edu.ec\/sitios\/forms\/registro\/congreso-puce-humanidades\/\u00bb url_new_window=\u00bbon\u00bb button_text=\u00bbREGISTRA TU ASISTENCIA AL CONGRESO\u00bb button_alignment=\u00bbcenter\u00bb _builder_version=\u00bb4.27.4&#8243; _module_preset=\u00bbdefault\u00bb custom_button=\u00bbon\u00bb button_text_color=\u00bb#FFFFFF\u00bb button_bg_color=\u00bb#164284&#8243; button_border_color=\u00bb#164284&#8243; button_font=\u00bb|800|||||||\u00bb custom_margin=\u00bb50px||||false|false\u00bb button_text_size_tablet=\u00bb\u00bb button_text_size_phone=\u00bb17px\u00bb button_text_size_last_edited=\u00bbon|phone\u00bb box_shadow_style=\u00bbpreset2&#8243; locked=\u00bboff\u00bb global_colors_info=\u00bb{}\u00bb button_border_color__hover_enabled=\u00bbon|hover\u00bb button_bg_color__hover_enabled=\u00bboff|hover\u00bb button_border_color__hover=\u00bb#164284&#8243;][\/et_pb_button][\/et_pb_column][\/et_pb_row][\/et_pb_section]<\/p>\n","protected":false},"excerpt":{"rendered":"<p>Congreso Internacional PUCE Humanidades 2025Introducci\u00f3nLa Pontificia Universidad Cat\u00f3lica del Ecuador (PUCE), con su firme compromiso con la investigaci\u00f3n, el an\u00e1lisis cr\u00edtico y la transformaci\u00f3n social, organiza el Congreso PUCE &#8211; Humanidades: \u00abSociedades justas para la paz\u00bb, un espacio acad\u00e9mico dise\u00f1ado para reflexionar sobre los desaf\u00edos actuales en materia de justicia social, equidad y derechos humanos. [&hellip;]<\/p>\n","protected":false},"author":2,"featured_media":0,"parent":0,"menu_order":0,"comment_status":"closed","ping_status":"closed","template":"","meta":{"_et_pb_use_builder":"on","_et_pb_old_content":"","_et_gb_content_width":"","footnotes":""},"class_list":["post-15","page","type-page","status-publish","hentry"],"_links":{"self":[{"href":"https:\/\/eventos.puce.edu.ec\/congreso-humanidades\/wp-json\/wp\/v2\/pages\/15","targetHints":{"allow":["GET"]}}],"collection":[{"href":"https:\/\/eventos.puce.edu.ec\/congreso-humanidades\/wp-json\/wp\/v2\/pages"}],"about":[{"href":"https:\/\/eventos.puce.edu.ec\/congreso-humanidades\/wp-json\/wp\/v2\/types\/page"}],"author":[{"embeddable":true,"href":"https:\/\/eventos.puce.edu.ec\/congreso-humanidades\/wp-json\/wp\/v2\/users\/2"}],"replies":[{"embeddable":true,"href":"https:\/\/eventos.puce.edu.ec\/congreso-humanidades\/wp-json\/wp\/v2\/comments?post=15"}],"version-history":[{"count":13,"href":"https:\/\/eventos.puce.edu.ec\/congreso-humanidades\/wp-json\/wp\/v2\/pages\/15\/revisions"}],"predecessor-version":[{"id":48,"href":"https:\/\/eventos.puce.edu.ec\/congreso-humanidades\/wp-json\/wp\/v2\/pages\/15\/revisions\/48"}],"wp:attachment":[{"href":"https:\/\/eventos.puce.edu.ec\/congreso-humanidades\/wp-json\/wp\/v2\/media?parent=15"}],"curies":[{"name":"wp","href":"https:\/\/api.w.org\/{rel}","templated":true}]}}